{"id":476213,"date":"2020-06-19T18:31:36","date_gmt":"2020-06-19T16:31:36","guid":{"rendered":"https:\/\/asimon.eu\/blog\/?page_id=476213"},"modified":"2020-06-19T18:40:08","modified_gmt":"2020-06-19T16:40:08","slug":"journee-mondiale-des-refugies","status":"publish","type":"page","link":"https:\/\/asimon.eu\/blog\/journee-mondiale-des-refugies\/","title":{"rendered":"Journ\u00e9e mondiale des r\u00e9fugi\u00e9s"},"content":{"rendered":"\n<div class=\"wp-block-ugb-text ugb-text ugb-8b68a34 ugb-text--design-plain ugb-text--columns-1 ugb-main-block\" id=\"\"><style>.ugb-8b68a34 .ugb-inner-block{text-align:center}<\/style><div class=\"ugb-inner-block\"><div class=\"ugb-block-content\"><div class=\"ugb-text__text-wrapper\"><div class=\"ugb-text__text\"><p class=\"ugb-text__text-1\"><strong><em><span style=\"color: #0693e3;\" class=\"ugb-highlight\">\u00c0 l&rsquo;occasion de la journ\u00e9e mondiale des r\u00e9fugi\u00e9s, j&rsquo;ai rassembl\u00e9 ici quelques textes que je leur d\u00e9die, inspir\u00e9s entre autres par quelques ann\u00e9es de volontariat dans un centre d&rsquo;accueil de la Croix-Rouge, et par une actualit\u00e9 trop souvent sombre.<\/span><\/em><\/strong><\/p><\/div><\/div><\/div><\/div><\/div>\n\n\n\n<div class=\"pt-cv-wrapper\"><div class=\"pt-cv-view pt-cv-grid pt-cv-colsys\" id=\"pt-cv-view-94daadbr1z\"><div data-id=\"pt-cv-page-1\" class=\"pt-cv-page cv-npf\" data-cvc=\"2\"><div class=\"col-md-6 col-sm-6 col-xs-12 pt-cv-content-item pt-cv-1-col\" ><div class='pt-cv-ifield'><div class=\"pt-cv-no-post\">Aucune publication trouv\u00e9e.<\/div><\/div><\/div><\/div><\/div><\/div>\n","protected":false},"excerpt":{"rendered":"<p>\u00c0 l&rsquo;occasion de la journ\u00e9e mondiale des r\u00e9fugi\u00e9s, j&rsquo;ai rassembl\u00e9 ici quelques textes que je leur d\u00e9die, inspir\u00e9s entre autres par quelques ann\u00e9es de volontariat&hellip;<\/p>\n","protected":false},"author":1,"featured_media":0,"parent":0,"menu_order":0,"comment_status":"closed","ping_status":"closed","template":"","meta":{"_uag_custom_page_level_css":"","_lmt_disableupdate":"no","_lmt_disable":"","h5ap_radio_sources":[],"jetpack_post_was_ever_published":false,"footnotes":""},"class_list":["post-476213","page","type-page","status-publish","hentry"],"featured_image_urls_v2":{"full":"","thumbnail":"","medium":"","medium_large":"","large":"","gs-tiny":"","xl":"","xxl":"","xxxl":"","xxxxl":"","xxxxxl":"","1536x1536":"","2048x2048":"","mailpoet_newsletter_max":""},"post_excerpt_stackable_v2":"<p>\u00c0 l&rsquo;occasion de la journ\u00e9e mondiale des r\u00e9fugi\u00e9s, j&rsquo;ai rassembl\u00e9 ici quelques textes que je leur d\u00e9die, inspir\u00e9s entre autres par quelques ann\u00e9es de volontariat dans un centre d&rsquo;accueil de la Croix-Rouge, et par une actualit\u00e9 trop souvent sombre. Aucune publication trouv\u00e9e.<\/p>\n","category_list_v2":"","author_info_v2":{"name":"Andr\u00e9","url":"https:\/\/asimon.eu\/blog\/author\/andre\/"},"comments_num_v2":"0 commentaire","yoast_head":"<!-- This site is optimized with the Yoast SEO plugin v27.5 - https:\/\/yoast.com\/product\/yoast-seo-wordpress\/ -->\n<title>Journ\u00e9e mondiale des r\u00e9fugi\u00e9s - Cemondeblog<\/title>\n<meta name=\"robots\" content=\"index, follow, max-snippet:-1, max-image-preview:large, max-video-preview:-1\" \/>\n<link rel=\"canonical\" href=\"https:\/\/asimon.eu\/blog\/journee-mondiale-des-refugies\/\" \/>\n<meta property=\"og:locale\" content=\"fr_FR\" \/>\n<meta property=\"og:type\" content=\"article\" \/>\n<meta property=\"og:title\" content=\"Journ\u00e9e mondiale des r\u00e9fugi\u00e9s - Cemondeblog\" \/>\n<meta property=\"og:description\" content=\"\u00c0 l&rsquo;occasion de la journ\u00e9e mondiale des r\u00e9fugi\u00e9s, j&rsquo;ai rassembl\u00e9 ici quelques textes que je leur d\u00e9die, inspir\u00e9s entre autres par quelques ann\u00e9es de volontariat&hellip;\" \/>\n<meta property=\"og:url\" content=\"https:\/\/asimon.eu\/blog\/journee-mondiale-des-refugies\/\" \/>\n<meta property=\"og:site_name\" content=\"Cemondeblog\" \/>\n<meta property=\"article:modified_time\" content=\"2020-06-19T16:40:08+00:00\" \/>\n<meta name=\"twitter:card\" content=\"summary_large_image\" \/>\n<meta name=\"twitter:site\" content=\"@olrik16\" \/>\n<script type=\"application\/ld+json\" class=\"yoast-schema-graph\">{\"@context\":\"https:\\\/\\\/schema.org\",\"@graph\":[{\"@type\":\"WebPage\",\"@id\":\"https:\\\/\\\/asimon.eu\\\/blog\\\/journee-mondiale-des-refugies\\\/\",\"url\":\"https:\\\/\\\/asimon.eu\\\/blog\\\/journee-mondiale-des-refugies\\\/\",\"name\":\"Journ\u00e9e mondiale des r\u00e9fugi\u00e9s - Cemondeblog\",\"isPartOf\":{\"@id\":\"https:\\\/\\\/asimon.eu\\\/blog\\\/#website\"},\"datePublished\":\"2020-06-19T16:31:36+00:00\",\"dateModified\":\"2020-06-19T16:40:08+00:00\",\"breadcrumb\":{\"@id\":\"https:\\\/\\\/asimon.eu\\\/blog\\\/journee-mondiale-des-refugies\\\/#breadcrumb\"},\"inLanguage\":\"fr-FR\",\"potentialAction\":[{\"@type\":\"ReadAction\",\"target\":[\"https:\\\/\\\/asimon.eu\\\/blog\\\/journee-mondiale-des-refugies\\\/\"]}]},{\"@type\":\"BreadcrumbList\",\"@id\":\"https:\\\/\\\/asimon.eu\\\/blog\\\/journee-mondiale-des-refugies\\\/#breadcrumb\",\"itemListElement\":[{\"@type\":\"ListItem\",\"position\":1,\"name\":\"Accueil\",\"item\":\"https:\\\/\\\/asimon.eu\\\/blog\\\/\"},{\"@type\":\"ListItem\",\"position\":2,\"name\":\"Journ\u00e9e mondiale des r\u00e9fugi\u00e9s\"}]},{\"@type\":\"WebSite\",\"@id\":\"https:\\\/\\\/asimon.eu\\\/blog\\\/#website\",\"url\":\"https:\\\/\\\/asimon.eu\\\/blog\\\/\",\"name\":\"Cemondeblog\",\"description\":\"Ce monde o\u00f9 je vis, o\u00f9 nous vivons.\",\"publisher\":{\"@id\":\"https:\\\/\\\/asimon.eu\\\/blog\\\/#\\\/schema\\\/person\\\/4aef5843155766a51be733fbdace4241\"},\"potentialAction\":[{\"@type\":\"SearchAction\",\"target\":{\"@type\":\"EntryPoint\",\"urlTemplate\":\"https:\\\/\\\/asimon.eu\\\/blog\\\/?s={search_term_string}\"},\"query-input\":{\"@type\":\"PropertyValueSpecification\",\"valueRequired\":true,\"valueName\":\"search_term_string\"}}],\"inLanguage\":\"fr-FR\"},{\"@type\":[\"Person\",\"Organization\"],\"@id\":\"https:\\\/\\\/asimon.eu\\\/blog\\\/#\\\/schema\\\/person\\\/4aef5843155766a51be733fbdace4241\",\"name\":\"Andr\u00e9\",\"image\":{\"@type\":\"ImageObject\",\"inLanguage\":\"fr-FR\",\"@id\":\"https:\\\/\\\/i0.wp.com\\\/asimon.eu\\\/blog\\\/wp-content\\\/uploads\\\/2019\\\/12\\\/cropped-rancheria-14.png?fit=1597%2C422&ssl=1\",\"url\":\"https:\\\/\\\/i0.wp.com\\\/asimon.eu\\\/blog\\\/wp-content\\\/uploads\\\/2019\\\/12\\\/cropped-rancheria-14.png?fit=1597%2C422&ssl=1\",\"contentUrl\":\"https:\\\/\\\/i0.wp.com\\\/asimon.eu\\\/blog\\\/wp-content\\\/uploads\\\/2019\\\/12\\\/cropped-rancheria-14.png?fit=1597%2C422&ssl=1\",\"width\":1597,\"height\":422,\"caption\":\"Andr\u00e9\"},\"logo\":{\"@id\":\"https:\\\/\\\/i0.wp.com\\\/asimon.eu\\\/blog\\\/wp-content\\\/uploads\\\/2019\\\/12\\\/cropped-rancheria-14.png?fit=1597%2C422&ssl=1\"},\"description\":\"Et la vie va ...\",\"sameAs\":[\"https:\\\/\\\/asimon.eu\"]}]}<\/script>\n<!-- \/ Yoast SEO plugin. -->","yoast_head_json":{"title":"Journ\u00e9e mondiale des r\u00e9fugi\u00e9s - Cemondeblog","robots":{"index":"index","follow":"follow","max-snippet":"max-snippet:-1","max-image-preview":"max-image-preview:large","max-video-preview":"max-video-preview:-1"},"canonical":"https:\/\/asimon.eu\/blog\/journee-mondiale-des-refugies\/","og_locale":"fr_FR","og_type":"article","og_title":"Journ\u00e9e mondiale des r\u00e9fugi\u00e9s - Cemondeblog","og_description":"\u00c0 l&rsquo;occasion de la journ\u00e9e mondiale des r\u00e9fugi\u00e9s, j&rsquo;ai rassembl\u00e9 ici quelques textes que je leur d\u00e9die, inspir\u00e9s entre autres par quelques ann\u00e9es de volontariat&hellip;","og_url":"https:\/\/asimon.eu\/blog\/journee-mondiale-des-refugies\/","og_site_name":"Cemondeblog","article_modified_time":"2020-06-19T16:40:08+00:00","twitter_card":"summary_large_image","twitter_site":"@olrik16","schema":{"@context":"https:\/\/schema.org","@graph":[{"@type":"WebPage","@id":"https:\/\/asimon.eu\/blog\/journee-mondiale-des-refugies\/","url":"https:\/\/asimon.eu\/blog\/journee-mondiale-des-refugies\/","name":"Journ\u00e9e mondiale des r\u00e9fugi\u00e9s - Cemondeblog","isPartOf":{"@id":"https:\/\/asimon.eu\/blog\/#website"},"datePublished":"2020-06-19T16:31:36+00:00","dateModified":"2020-06-19T16:40:08+00:00","breadcrumb":{"@id":"https:\/\/asimon.eu\/blog\/journee-mondiale-des-refugies\/#breadcrumb"},"inLanguage":"fr-FR","potentialAction":[{"@type":"ReadAction","target":["https:\/\/asimon.eu\/blog\/journee-mondiale-des-refugies\/"]}]},{"@type":"BreadcrumbList","@id":"https:\/\/asimon.eu\/blog\/journee-mondiale-des-refugies\/#breadcrumb","itemListElement":[{"@type":"ListItem","position":1,"name":"Accueil","item":"https:\/\/asimon.eu\/blog\/"},{"@type":"ListItem","position":2,"name":"Journ\u00e9e mondiale des r\u00e9fugi\u00e9s"}]},{"@type":"WebSite","@id":"https:\/\/asimon.eu\/blog\/#website","url":"https:\/\/asimon.eu\/blog\/","name":"Cemondeblog","description":"Ce monde o\u00f9 je vis, o\u00f9 nous vivons.","publisher":{"@id":"https:\/\/asimon.eu\/blog\/#\/schema\/person\/4aef5843155766a51be733fbdace4241"},"potentialAction":[{"@type":"SearchAction","target":{"@type":"EntryPoint","urlTemplate":"https:\/\/asimon.eu\/blog\/?s={search_term_string}"},"query-input":{"@type":"PropertyValueSpecification","valueRequired":true,"valueName":"search_term_string"}}],"inLanguage":"fr-FR"},{"@type":["Person","Organization"],"@id":"https:\/\/asimon.eu\/blog\/#\/schema\/person\/4aef5843155766a51be733fbdace4241","name":"Andr\u00e9","image":{"@type":"ImageObject","inLanguage":"fr-FR","@id":"https:\/\/i0.wp.com\/asimon.eu\/blog\/wp-content\/uploads\/2019\/12\/cropped-rancheria-14.png?fit=1597%2C422&ssl=1","url":"https:\/\/i0.wp.com\/asimon.eu\/blog\/wp-content\/uploads\/2019\/12\/cropped-rancheria-14.png?fit=1597%2C422&ssl=1","contentUrl":"https:\/\/i0.wp.com\/asimon.eu\/blog\/wp-content\/uploads\/2019\/12\/cropped-rancheria-14.png?fit=1597%2C422&ssl=1","width":1597,"height":422,"caption":"Andr\u00e9"},"logo":{"@id":"https:\/\/i0.wp.com\/asimon.eu\/blog\/wp-content\/uploads\/2019\/12\/cropped-rancheria-14.png?fit=1597%2C422&ssl=1"},"description":"Et la vie va ...","sameAs":["https:\/\/asimon.eu"]}]}},"uagb_featured_image_src":{"full":false,"thumbnail":false,"medium":false,"medium_large":false,"large":false,"gs-tiny":false,"xl":false,"xxl":false,"xxxl":false,"xxxxl":false,"xxxxxl":false,"1536x1536":false,"2048x2048":false,"mailpoet_newsletter_max":false},"uagb_author_info":{"display_name":"Andr\u00e9","author_link":"https:\/\/asimon.eu\/blog\/author\/andre\/"},"uagb_comment_info":0,"uagb_excerpt":"\u00c0 l&rsquo;occasion de la journ\u00e9e mondiale des r\u00e9fugi\u00e9s, j&rsquo;ai rassembl\u00e9 ici quelques textes que je leur d\u00e9die, inspir\u00e9s entre autres par quelques ann\u00e9es de volontariat&hellip;","jetpack-related-posts":[{"id":273567,"url":"https:\/\/asimon.eu\/blog\/vieillir\/","url_meta":{"origin":476213,"position":0},"title":"Vieillir","author":"Andr\u00e9","date":"30 janvier 2016","format":false,"excerpt":"https:\/\/youtu.be\/VAUvgL1AsvA Mourir en rougissantSuivant la guerre qu'il faitDu fait des AllemandsA cause des Anglais Mourir baiseur int\u00e8greEntre les seins d'une grosseContre les os d'une maigreDans un cul de basse-fosse Mourir de frissonnerMourir de se dissoudreDe se racrapoterMourir de se d\u00e9coudre Ou terminer sa courseLa nuit de ses cent ansVieillard tonitruantSoulev\u00e9\u2026","rel":"","context":"Dans \"femmes\"","block_context":{"text":"femmes","link":"https:\/\/asimon.eu\/blog\/tag\/femmes\/"},"img":{"alt_text":"","src":"https:\/\/i0.wp.com\/img.youtube.com\/vi\/VAUvgL1AsvA\/0.jpg?resize=350%2C200","width":350,"height":200},"classes":[]},{"id":945,"url":"https:\/\/asimon.eu\/blog\/pour-les-enfants-du-monde-entier\/","url_meta":{"origin":476213,"position":1},"title":"Pour les enfants du monde entier","author":"Andr\u00e9","date":"9 f\u00e9vrier 2016","format":false,"excerpt":"https:\/\/dai.ly\/x5s5w29 Pour les enfants du monde entierQui n'ont plus rien \u00e0 esp\u00e9rerJe voudrais faire une pri\u00e8re\u00c0 tous les Ma\u00eetres de la Terre \u00c0 chaque enfant qui dispara\u00eetC'est l'Univers qui tire un traitSur un espoir pour l'avenirDe pouvoir nous appartenir J'ai vu des enfants s'en allerSourire aux l\u00e8vres et c\u0153ur l\u00e9gerVers\u2026","rel":"","context":"Dans \"bonheur\"","block_context":{"text":"bonheur","link":"https:\/\/asimon.eu\/blog\/tag\/bonheur\/"},"img":{"alt_text":"","src":"","width":0,"height":0},"classes":[]},{"id":2576,"url":"https:\/\/asimon.eu\/blog\/la-bete-est-revenue\/","url_meta":{"origin":476213,"position":2},"title":"La b\u00eate est revenue.","author":"Andr\u00e9","date":"4 mai 2016","format":false,"excerpt":"https:\/\/youtu.be\/AGNGcKdMwfo Sait-on pourquoi, un matin, Cette b\u00eate s\u00b4est r\u00e9veill\u00e9e Au milieu de pantins Qu\u00b4elle a tous \u00e9merveill\u00e9s En proclamant partout, haut et fort : \"Nous mettrons l\u00b4\u00e9tranger dehors\" Puis cette ogresse aguicheuse Fit des clones imitatifs. Leurs tirades insidieuses Convainquirent les na\u00effs Qu\u00b4en suivant leurs dictats x\u00e9nophobes, On chasserait tous\u2026","rel":"","context":"Dans \"Chanson\"","block_context":{"text":"Chanson","link":"https:\/\/asimon.eu\/blog\/tag\/chanson\/"},"img":{"alt_text":"","src":"https:\/\/i0.wp.com\/img.youtube.com\/vi\/AGNGcKdMwfo\/0.jpg?resize=350%2C200","width":350,"height":200},"classes":[]},{"id":903,"url":"https:\/\/asimon.eu\/blog\/la-femme-est-lavenir-de-lhomme\/","url_meta":{"origin":476213,"position":3},"title":"La femme est l&rsquo;avenir de l&rsquo;homme.","author":"Andr\u00e9","date":"6 f\u00e9vrier 2016","format":false,"excerpt":"https:\/\/dai.ly\/x191oc4 Le po\u00e8te a toujours raisonQui voit plus haut que l'horizonEt le futur est son royaumeFace \u00e0 notre g\u00e9n\u00e9rationJe d\u00e9clare avec AragonLa femme est l'avenir de l'homme Entre l'ancien et le nouveauVotre lutte \u00e0 tous les niveauxDe la n\u00f4tre est indivisibleDans les hommes qui font les loisSi les uns chantent\u2026","rel":"","context":"Dans \"Aragon\"","block_context":{"text":"Aragon","link":"https:\/\/asimon.eu\/blog\/tag\/aragon\/"},"img":{"alt_text":"","src":"","width":0,"height":0},"classes":[]},{"id":3059,"url":"https:\/\/asimon.eu\/blog\/un-jour-un-jour\/","url_meta":{"origin":476213,"position":4},"title":"Un jour, un jour","author":"Andr\u00e9","date":"16 novembre 2016","format":false,"excerpt":"https:\/\/youtu.be\/rvWu5cEIMg8 Tout ce que l'homme fut de grand et de sublimeSa protestation ses chants et ses h\u00e9rosAu dessus de ce corps et contre ses bourreauxA Grenade aujourd'hui surgit devant le crime Et cette bouche absente et Lorca qui s'est tuEmplissant tout \u00e0 coup l'univers de silenceContre les violents tourne la\u2026","rel":"","context":"Dans \"Aragon\"","block_context":{"text":"Aragon","link":"https:\/\/asimon.eu\/blog\/tag\/aragon\/"},"img":{"alt_text":"","src":"https:\/\/i0.wp.com\/img.youtube.com\/vi\/rvWu5cEIMg8\/0.jpg?resize=350%2C200","width":350,"height":200},"classes":[]},{"id":2073,"url":"https:\/\/asimon.eu\/blog\/les-passantes-le-passanti\/","url_meta":{"origin":476213,"position":5},"title":"Les passantes &#8211; Le passanti","author":"Andr\u00e9","date":"9 avril 2016","format":false,"excerpt":"https:\/\/youtu.be\/OV5bI0tixYQ https:\/\/youtu.be\/AVN8mjhKdOY https:\/\/youtu.be\/yE3VZfGJTZc Les Passantes Je veux d\u00e9dier ce po\u00e8meA toutes les femmes qu'on aimePendant quelques instants secrets,A celles qu'on connait \u00e0 peine,Qu'un destin diff\u00e9rent entra\u00eeneEt qu'on ne retrouve jamais. A celle qu'on voit appara\u00eetreUne seconde \u00e0 sa fen\u00eatre,Et qui, preste, s'\u00e9vanouit,Mais dont la svelte silhouetteEst si gracieuse et fluetteQu'on\u2026","rel":"","context":"Dans \"avenir\"","block_context":{"text":"avenir","link":"https:\/\/asimon.eu\/blog\/tag\/avenir\/"},"img":{"alt_text":"","src":"https:\/\/i0.wp.com\/img.youtube.com\/vi\/OV5bI0tixYQ\/0.jpg?resize=350%2C200","width":350,"height":200},"classes":[]}],"jetpack_shortlink":"https:\/\/wp.me\/P9rk1P-1ZSR","jetpack_sharing_enabled":true,"jetpack_likes_enabled":true,"_links":{"self":[{"href":"https:\/\/asimon.eu\/blog\/wp-json\/wp\/v2\/pages\/476213","targetHints":{"allow":["GET"]}}],"collection":[{"href":"https:\/\/asimon.eu\/blog\/wp-json\/wp\/v2\/pages"}],"about":[{"href":"https:\/\/asimon.eu\/blog\/wp-json\/wp\/v2\/types\/page"}],"author":[{"embeddable":true,"href":"https:\/\/asimon.eu\/blog\/wp-json\/wp\/v2\/users\/1"}],"replies":[{"embeddable":true,"href":"https:\/\/asimon.eu\/blog\/wp-json\/wp\/v2\/comments?post=476213"}],"version-history":[{"count":5,"href":"https:\/\/asimon.eu\/blog\/wp-json\/wp\/v2\/pages\/476213\/revisions"}],"predecessor-version":[{"id":476224,"href":"https:\/\/asimon.eu\/blog\/wp-json\/wp\/v2\/pages\/476213\/revisions\/476224"}],"wp:attachment":[{"href":"https:\/\/asimon.eu\/blog\/wp-json\/wp\/v2\/media?parent=476213"}],"curies":[{"name":"wp","href":"https:\/\/api.w.org\/{rel}","templated":true}]}}